{"id":20770,"date":"2023-02-17T13:29:57","date_gmt":"2023-02-17T11:29:57","guid":{"rendered":"https:\/\/www.aerotim.ro\/?page_id=20770"},"modified":"2026-01-21T15:10:22","modified_gmt":"2026-01-21T13:10:22","slug":"proiecte-2","status":"publish","type":"page","link":"https:\/\/www.aerotim.ro\/index.php\/proiecte-2\/","title":{"rendered":"Proiecte"},"content":{"rendered":"<h2 style=\"text-align: center;\"><a href=\"https:\/\/www.aerotim.ro\/wp-content\/uploads\/2026\/01\/Proiecte-FM-logo.png\"><img loading=\"lazy\" decoding=\"async\" class=\"aligncenter size-full wp-image-25479\" src=\"https:\/\/www.aerotim.ro\/wp-content\/uploads\/2026\/01\/Proiecte-FM-logo.png\" alt=\"\" width=\"751\" height=\"105\" srcset=\"https:\/\/www.aerotim.ro\/wp-content\/uploads\/2026\/01\/Proiecte-FM-logo.png 751w, https:\/\/www.aerotim.ro\/wp-content\/uploads\/2026\/01\/Proiecte-FM-logo-300x42.png 300w\" sizes=\"auto, (max-width: 751px) 100vw, 751px\" \/><\/a>PROIECTE FINAN\u021aATE PRIN<\/h2>\n<h2 style=\"text-align: center;\">FONDUL PENTRU MODERNIZARE<\/h2>\n<h2 style=\"text-align: center;\"><\/h2>\n<h2 style=\"text-align: center;\"><a href=\"https:\/\/www.aerotim.ro\/wp-content\/uploads\/2026\/01\/Sectiune-pagina-AIT.pdf\" target=\"_blank\" rel=\"noopener\"><strong>Parc Fotovoltaic 7 MW (PF7MW)<\/strong><\/a><\/h2>\n<p>&nbsp;<\/p>\n<p><a href=\"https:\/\/www.aerotim.ro\/wp-content\/uploads\/2026\/01\/Proiecte-FM-logo2.png\"><img loading=\"lazy\" decoding=\"async\" class=\"aligncenter size-full wp-image-25482\" src=\"https:\/\/www.aerotim.ro\/wp-content\/uploads\/2026\/01\/Proiecte-FM-logo2.png\" alt=\"\" width=\"545\" height=\"63\" srcset=\"https:\/\/www.aerotim.ro\/wp-content\/uploads\/2026\/01\/Proiecte-FM-logo2.png 545w, https:\/\/www.aerotim.ro\/wp-content\/uploads\/2026\/01\/Proiecte-FM-logo2-300x35.png 300w\" sizes=\"auto, (max-width: 545px) 100vw, 545px\" \/><\/a><\/p>\n<p>&nbsp;<\/p>\n<p>&nbsp;<\/p>\n<p>&nbsp;<\/p>\n<p>&nbsp;<\/p>\n<p>&nbsp;<\/p>\n<p>&nbsp;<\/p>\n<p>&nbsp;<\/p>\n<p>&nbsp;<\/p>\n<p>&nbsp;<\/p>\n<p>&nbsp;<\/p>\n<h2 style=\"text-align: center;\"><\/h2>\n<h2 style=\"text-align: center;\"><strong><img loading=\"lazy\" decoding=\"async\" class=\"alignnone wp-image-20541 size-full\" src=\"https:\/\/www.aerotim.ro\/wp-content\/uploads\/2022\/11\/logo-proiecte.png\" alt=\"\" width=\"625\" height=\"165\" srcset=\"https:\/\/www.aerotim.ro\/wp-content\/uploads\/2022\/11\/logo-proiecte.png 625w, https:\/\/www.aerotim.ro\/wp-content\/uploads\/2022\/11\/logo-proiecte-300x79.png 300w\" sizes=\"auto, (max-width: 625px) 100vw, 625px\" \/><\/strong><\/h2>\n<h2 style=\"text-align: center;\"><strong>PROIECTE &#8211; POIM<\/strong><\/h2>\n<h4 style=\"text-align: center;\"><a href=\"https:\/\/www.aerotim.ro\/wp-content\/uploads\/2023\/10\/Descriere-TERMINAL-PLECARI.pdf\" target=\"_blank\" rel=\"noopener\">\u201dTerminal Plec\u0103ri Curse Externe\u201d &#8211; TPCE<\/a><\/h4>\n<h4 style=\"text-align: center;\"><a href=\"https:\/\/www.aerotim.ro\/wp-content\/uploads\/2023\/10\/Descriere-SISA.pdf\" target=\"_blank\" rel=\"noopener\">\u201dSistem integrat de securitate aeroportuar\u0103\u201d &#8211; SISA<\/a><\/h4>\n<h4 style=\"text-align: center;\"><a href=\"https:\/\/www.aerotim.ro\/wp-content\/uploads\/2023\/10\/Descriere-UDAES.pdf\" target=\"_blank\" rel=\"noopener\">\u201dUtilaje destinate activit\u0103\u021bilor economice de siguran\u021b\u0103\u201d \u2013 UDAES<\/a><\/h4>\n<h4 style=\"text-align: center;\"><a href=\"https:\/\/www.aerotim.ro\/wp-content\/uploads\/2023\/10\/Descriere-ESANE.pdf\" target=\"_blank\" rel=\"noopener\">\u201dAchizi\u021bie echipamente de siguran\u021b\u0103 pentru activit\u0103\u021bi non economice\u201d \u2013 ESANE<\/a><\/h4>\n<h4 style=\"text-align: center;\"><a href=\"https:\/\/www.aerotim.ro\/wp-content\/uploads\/2023\/10\/Descriere-CLDGTAM.pdf\" target=\"_blank\" rel=\"noopener\">\u201dCentru logistic destinat gestion\u0103rii transportului aerian de m\u0103rfuri\u201d- CLDGTAM<\/a><\/h4>\n<h4 style=\"text-align: center;\"><a href=\"https:\/\/www.aerotim.ro\/wp-content\/uploads\/2023\/10\/Descriere-CIP.pdf\" target=\"_blank\" rel=\"noopener\">\u201dCentru intermodal de pasageri\u201d &#8211; CIP<\/a><\/h4>\n<p style=\"text-align: center;\"><strong>Pentru informa\u021bii detaliate despre celelalte programe cofinan\u021bate de Uniunea European\u0103, v\u0103 invit\u0103m s\u0103 vizita\u021bi\u00a0 <a href=\"https:\/\/www.fonduri-ue.ro\/\" target=\"_blank\" rel=\"noopener\">www.fonduri-ue.ro<\/a><\/strong><\/p>\n<p><strong> <img loading=\"lazy\" decoding=\"async\" class=\"size-full wp-image-20888 aligncenter\" src=\"https:\/\/www.aerotim.ro\/wp-content\/uploads\/2023\/03\/Logo-Program-Operational-Fonduri-UE.png\" alt=\"\" width=\"236\" height=\"68\" \/><\/strong><\/p>\n<p>&nbsp;<\/p>\n<p>&nbsp;<\/p>\n<p>&nbsp;<\/p>\n<p style=\"text-align: center;\"><strong><em>Con\u021binutul acestui material nu reprezint\u0103 \u00een mod obligatoriu pozi\u021bia oficial\u0103 a Uniunii Europene sau a Guvernului Rom\u00e2niei.<\/em><\/strong><\/p>\n<p>&nbsp;<\/p>\n","protected":false},"excerpt":{"rendered":"<p>PROIECTE FINAN\u021aATE PRIN FONDUL PENTRU MODERNIZARE Parc Fotovoltaic 7 MW (PF7MW) &nbsp; &nbsp; &nbsp; &nbsp; &nbsp; &nbsp; &nbsp; &nbsp; &nbsp; &nbsp; &nbsp; PROIECTE &#8211; POIM \u201dTerminal Plec\u0103ri Curse Externe\u201d &#8211; TPCE \u201dSistem integrat de securitate aeroportuar\u0103\u201d &#8211; SISA \u201dUtilaje destinate activit\u0103\u021bilor economice de siguran\u021b\u0103\u201d \u2013 UDAES \u201dAchizi\u021bie echipamente de siguran\u021b\u0103 pentru activit\u0103\u021bi non economice\u201d \u2013 [&hellip;]<\/p>\n","protected":false},"author":5,"featured_media":0,"parent":0,"menu_order":0,"comment_status":"closed","ping_status":"closed","template":"","meta":{"footnotes":""},"class_list":["post-20770","page","type-page","status-publish","hentry"],"_links":{"self":[{"href":"https:\/\/www.aerotim.ro\/index.php\/wp-json\/wp\/v2\/pages\/20770","targetHints":{"allow":["GET"]}}],"collection":[{"href":"https:\/\/www.aerotim.ro\/index.php\/wp-json\/wp\/v2\/pages"}],"about":[{"href":"https:\/\/www.aerotim.ro\/index.php\/wp-json\/wp\/v2\/types\/page"}],"author":[{"embeddable":true,"href":"https:\/\/www.aerotim.ro\/index.php\/wp-json\/wp\/v2\/users\/5"}],"replies":[{"embeddable":true,"href":"https:\/\/www.aerotim.ro\/index.php\/wp-json\/wp\/v2\/comments?post=20770"}],"version-history":[{"count":20,"href":"https:\/\/www.aerotim.ro\/index.php\/wp-json\/wp\/v2\/pages\/20770\/revisions"}],"predecessor-version":[{"id":25491,"href":"https:\/\/www.aerotim.ro\/index.php\/wp-json\/wp\/v2\/pages\/20770\/revisions\/25491"}],"wp:attachment":[{"href":"https:\/\/www.aerotim.ro\/index.php\/wp-json\/wp\/v2\/media?parent=20770"}],"curies":[{"name":"wp","href":"https:\/\/api.w.org\/{rel}","templated":true}]}}