{"id":19944,"date":"2022-11-22T12:56:45","date_gmt":"2022-11-22T10:56:45","guid":{"rendered":"https:\/\/www.aerotim.ro\/?page_id=19944"},"modified":"2023-02-07T09:25:16","modified_gmt":"2023-02-07T07:25:16","slug":"declaratii-de-avere-interese-2020","status":"publish","type":"page","link":"https:\/\/www.aerotim.ro\/index.php\/declaratii-de-avere-interese-2020\/","title":{"rendered":"Declara\u021bii de avere \u0219i interese 2020"},"content":{"rendered":"<h2 style=\"text-align: center;\"><strong>Declara\u021bii de avere \u015fi interese pentru anul 2020<\/strong><\/h2>\n<p>&nbsp;<\/p>\n<h3><strong>Declara\u0163ii de avere<\/strong><\/h3>\n<p><strong>Conducerea societ\u0103\u0163ii:<\/strong><br \/>\n<a aria-label=\"Link Director General \u2013 Dorel Gradinaru\" title=\"https:\/\/aerotim.ro\/wp-content\/uploads\/2022\/03\/Declaratie_avere_Gradinaru_Dorel_2020.pdf\" href=\"https:\/\/aerotim.ro\/wp-content\/uploads\/2022\/03\/Declaratie_avere_Gradinaru_Dorel_2020.pdf\" rel=\"noopener noreferrer\" target=\"_blank\" class=\"fui-Link ___m14voj0 f3rmtva f1ern45e f1deefiw f1n71otn f1q5o8ev f1h8hb77 f1vxd6vx f1ewtqcl fyind8e f1k6fduh f1w7gpdv fk6fouc fjoy568 figsok6 f1hu3pq6 f11qmguv f19f4twv f1tyq0we f1g0x7ka fhxju0i f1qch9an f1cnd47f fqv5qza f1vmzxwi f1o700av f13mvf36 f9n3di6 f1ids18y fygtlnl f1deo86v f12x56k7 f1iescvh ftqa4ok f50u1b5 fs3pq8b f1hghxdh f1tymzes f1x7u7e9 f1cmlufx f10aw75t fsle3fq\" tabindex=\"-1\">Director General \u2013 Dorel Gradinaru<\/a><br \/>\n<a aria-label=\"Link Director Administrativ \u2013 Lucian Taropa\" title=\"https:\/\/aerotim.ro\/wp-content\/uploads\/2022\/03\/Declaratie_avere_Taropa_Lucian_2020.pdf\" href=\"https:\/\/aerotim.ro\/wp-content\/uploads\/2022\/03\/Declaratie_avere_Taropa_Lucian_2020.pdf\" rel=\"noopener noreferrer\" target=\"_blank\" class=\"fui-Link ___m14voj0 f3rmtva f1ern45e f1deefiw f1n71otn f1q5o8ev f1h8hb77 f1vxd6vx f1ewtqcl fyind8e f1k6fduh f1w7gpdv fk6fouc fjoy568 figsok6 f1hu3pq6 f11qmguv f19f4twv f1tyq0we f1g0x7ka fhxju0i f1qch9an f1cnd47f fqv5qza f1vmzxwi f1o700av f13mvf36 f9n3di6 f1ids18y fygtlnl f1deo86v f12x56k7 f1iescvh ftqa4ok f50u1b5 fs3pq8b f1hghxdh f1tymzes f1x7u7e9 f1cmlufx f10aw75t fsle3fq\" tabindex=\"-1\">Director Administrativ \u2013 Lucian Taropa<\/a><br \/>\n<a aria-label=\"Link Director Opera\u0163ional \u2013 Biro Catalin\" title=\"https:\/\/aerotim.ro\/wp-content\/uploads\/2022\/03\/Declaratie_avere_Biro_Catalin_2020.pdf\" href=\"https:\/\/aerotim.ro\/wp-content\/uploads\/2022\/03\/Declaratie_avere_Biro_Catalin_2020.pdf\" rel=\"noopener noreferrer\" target=\"_blank\" class=\"fui-Link ___m14voj0 f3rmtva f1ern45e f1deefiw f1n71otn f1q5o8ev f1h8hb77 f1vxd6vx f1ewtqcl fyind8e f1k6fduh f1w7gpdv fk6fouc fjoy568 figsok6 f1hu3pq6 f11qmguv f19f4twv f1tyq0we f1g0x7ka fhxju0i f1qch9an f1cnd47f fqv5qza f1vmzxwi f1o700av f13mvf36 f9n3di6 f1ids18y fygtlnl f1deo86v f12x56k7 f1iescvh ftqa4ok f50u1b5 fs3pq8b f1hghxdh f1tymzes f1x7u7e9 f1cmlufx f10aw75t fsle3fq\" tabindex=\"-1\">Director Opera\u0163ional \u2013 Biro Catalin<\/a><br \/>\n<a aria-label=\"Link Director Economic \u2013 Marius Ursu\" title=\"https:\/\/aerotim.ro\/wp-content\/uploads\/2022\/03\/Declaratie_avere_Ursu_Marius_2020.pdf\" href=\"https:\/\/aerotim.ro\/wp-content\/uploads\/2022\/03\/Declaratie_avere_Ursu_Marius_2020.pdf\" rel=\"noopener noreferrer\" target=\"_blank\" class=\"fui-Link ___m14voj0 f3rmtva f1ern45e f1deefiw f1n71otn f1q5o8ev f1h8hb77 f1vxd6vx f1ewtqcl fyind8e f1k6fduh f1w7gpdv fk6fouc fjoy568 figsok6 f1hu3pq6 f11qmguv f19f4twv f1tyq0we f1g0x7ka fhxju0i f1qch9an f1cnd47f fqv5qza f1vmzxwi f1o700av f13mvf36 f9n3di6 f1ids18y fygtlnl f1deo86v f12x56k7 f1iescvh ftqa4ok f50u1b5 fs3pq8b f1hghxdh f1tymzes f1x7u7e9 f1cmlufx f10aw75t fsle3fq\" tabindex=\"-1\">Director Economic \u2013 Marius Ursu<\/a><br \/>\n<a aria-label=\"Link Director Comercial \u2013 Daniel Stamatovici\" title=\"https:\/\/aerotim.ro\/wp-content\/uploads\/2022\/03\/Declaratie_avere_Stamatovici_Daniel_2020.pdf\" href=\"https:\/\/aerotim.ro\/wp-content\/uploads\/2022\/03\/Declaratie_avere_Stamatovici_Daniel_2020.pdf\" rel=\"noopener noreferrer\" target=\"_blank\" class=\"fui-Link ___m14voj0 f3rmtva f1ern45e f1deefiw f1n71otn f1q5o8ev f1h8hb77 f1vxd6vx f1ewtqcl fyind8e f1k6fduh f1w7gpdv fk6fouc fjoy568 figsok6 f1hu3pq6 f11qmguv f19f4twv f1tyq0we f1g0x7ka fhxju0i f1qch9an f1cnd47f fqv5qza f1vmzxwi f1o700av f13mvf36 f9n3di6 f1ids18y fygtlnl f1deo86v f12x56k7 f1iescvh ftqa4ok f50u1b5 fs3pq8b f1hghxdh f1tymzes f1x7u7e9 f1cmlufx f10aw75t fsle3fq\" tabindex=\"-1\">Director Comercial \u2013 Daniel Stamatovici<\/a><br \/>\n<a aria-label=\"Link Director Investitii \u2013 Daniel Idolu\" title=\"https:\/\/aerotim.ro\/wp-content\/uploads\/2022\/03\/Declaratie_avere_Idolu_Daniel_2020.pdf\" href=\"https:\/\/aerotim.ro\/wp-content\/uploads\/2022\/03\/Declaratie_avere_Idolu_Daniel_2020.pdf\" rel=\"noopener noreferrer\" target=\"_blank\" class=\"fui-Link ___m14voj0 f3rmtva f1ern45e f1deefiw f1n71otn f1q5o8ev f1h8hb77 f1vxd6vx f1ewtqcl fyind8e f1k6fduh f1w7gpdv fk6fouc fjoy568 figsok6 f1hu3pq6 f11qmguv f19f4twv f1tyq0we f1g0x7ka fhxju0i f1qch9an f1cnd47f fqv5qza f1vmzxwi f1o700av f13mvf36 f9n3di6 f1ids18y fygtlnl f1deo86v f12x56k7 f1iescvh ftqa4ok f50u1b5 fs3pq8b f1hghxdh f1tymzes f1x7u7e9 f1cmlufx f10aw75t fsle3fq\" tabindex=\"-1\">Director Investitii \u2013 Daniel Idolu<\/a><br \/>\n<a aria-label=\"Link Director Siguranta si Securitate \u2013 Adrian Pirvanescu\" title=\"https:\/\/aerotim.ro\/wp-content\/uploads\/2022\/03\/Declaratie_avere_Pirvanescu_Adrian_2020.pdf\" href=\"https:\/\/aerotim.ro\/wp-content\/uploads\/2022\/03\/Declaratie_avere_Pirvanescu_Adrian_2020.pdf\" rel=\"noopener noreferrer\" target=\"_blank\" class=\"fui-Link ___m14voj0 f3rmtva f1ern45e f1deefiw f1n71otn f1q5o8ev f1h8hb77 f1vxd6vx f1ewtqcl fyind8e f1k6fduh f1w7gpdv fk6fouc fjoy568 figsok6 f1hu3pq6 f11qmguv f19f4twv f1tyq0we f1g0x7ka fhxju0i f1qch9an f1cnd47f fqv5qza f1vmzxwi f1o700av f13mvf36 f9n3di6 f1ids18y fygtlnl f1deo86v f12x56k7 f1iescvh ftqa4ok f50u1b5 fs3pq8b f1hghxdh f1tymzes f1x7u7e9 f1cmlufx f10aw75t fsle3fq\" tabindex=\"-1\">Director Siguranta si Securitate \u2013 Adrian Pirvanescu<\/a><br \/>\n<a aria-label=\"Link Director Tehnic \u2013 Sandu Nicolae\" title=\"https:\/\/aerotim.ro\/wp-content\/uploads\/2022\/03\/Declaratie_avere_Sandu_Nicolae_2020.pdf\" href=\"https:\/\/aerotim.ro\/wp-content\/uploads\/2022\/03\/Declaratie_avere_Sandu_Nicolae_2020.pdf\" rel=\"noopener noreferrer\" target=\"_blank\" class=\"fui-Link ___m14voj0 f3rmtva f1ern45e f1deefiw f1n71otn f1q5o8ev f1h8hb77 f1vxd6vx f1ewtqcl fyind8e f1k6fduh f1w7gpdv fk6fouc fjoy568 figsok6 f1hu3pq6 f11qmguv f19f4twv f1tyq0we f1g0x7ka fhxju0i f1qch9an f1cnd47f fqv5qza f1vmzxwi f1o700av f13mvf36 f9n3di6 f1ids18y fygtlnl f1deo86v f12x56k7 f1iescvh ftqa4ok f50u1b5 fs3pq8b f1hghxdh f1tymzes f1x7u7e9 f1cmlufx f10aw75t fsle3fq\" tabindex=\"-1\">Director Tehnic \u2013 Sandu Nicolae<\/a><\/p>\n<p><strong>Consiliul de Administratie:<\/strong><br \/>\n<a aria-label=\"Link Virgil Nichita \u2013 Membru CA\" title=\"https:\/\/aerotim.ro\/wp-content\/uploads\/2022\/03\/Declaratie_avere_Nichita_Virgil_2020.pdf\" href=\"https:\/\/aerotim.ro\/wp-content\/uploads\/2022\/03\/Declaratie_avere_Nichita_Virgil_2020.pdf\" rel=\"noopener noreferrer\" target=\"_blank\" class=\"fui-Link ___m14voj0 f3rmtva f1ern45e f1deefiw f1n71otn f1q5o8ev f1h8hb77 f1vxd6vx f1ewtqcl fyind8e f1k6fduh f1w7gpdv fk6fouc fjoy568 figsok6 f1hu3pq6 f11qmguv f19f4twv f1tyq0we f1g0x7ka fhxju0i f1qch9an f1cnd47f fqv5qza f1vmzxwi f1o700av f13mvf36 f9n3di6 f1ids18y fygtlnl f1deo86v f12x56k7 f1iescvh ftqa4ok f50u1b5 fs3pq8b f1hghxdh f1tymzes f1x7u7e9 f1cmlufx f10aw75t fsle3fq\" tabindex=\"-1\">Virgil Nichita \u2013 Membru CA<\/a><br \/>\n<a aria-label=\"Link Palcu Pavel Florin \u2013 Membru CA\" title=\"https:\/\/aerotim.ro\/wp-content\/uploads\/2022\/03\/Declaratie_avere_Palcu_Pavel_Florin_2020.pdf\" href=\"https:\/\/aerotim.ro\/wp-content\/uploads\/2022\/03\/Declaratie_avere_Palcu_Pavel_Florin_2020.pdf\" rel=\"noopener noreferrer\" target=\"_blank\" class=\"fui-Link ___m14voj0 f3rmtva f1ern45e f1deefiw f1n71otn f1q5o8ev f1h8hb77 f1vxd6vx f1ewtqcl fyind8e f1k6fduh f1w7gpdv fk6fouc fjoy568 figsok6 f1hu3pq6 f11qmguv f19f4twv f1tyq0we f1g0x7ka fhxju0i f1qch9an f1cnd47f fqv5qza f1vmzxwi f1o700av f13mvf36 f9n3di6 f1ids18y fygtlnl f1deo86v f12x56k7 f1iescvh ftqa4ok f50u1b5 fs3pq8b f1hghxdh f1tymzes f1x7u7e9 f1cmlufx f10aw75t fsle3fq\" tabindex=\"-1\">Palcu Pavel Florin \u2013 Membru CA<\/a><br \/>\n<a aria-label=\"Link Ciurdar Ovidiu Alexandru \u2013 Membru CA\" title=\"https:\/\/aerotim.ro\/wp-content\/uploads\/2022\/03\/Declaratie_avere_Ciurdar_Ovidiu_Alexandru_2020.pdf\" href=\"https:\/\/aerotim.ro\/wp-content\/uploads\/2022\/03\/Declaratie_avere_Ciurdar_Ovidiu_Alexandru_2020.pdf\" rel=\"noopener noreferrer\" target=\"_blank\" class=\"fui-Link ___m14voj0 f3rmtva f1ern45e f1deefiw f1n71otn f1q5o8ev f1h8hb77 f1vxd6vx f1ewtqcl fyind8e f1k6fduh f1w7gpdv fk6fouc fjoy568 figsok6 f1hu3pq6 f11qmguv f19f4twv f1tyq0we f1g0x7ka fhxju0i f1qch9an f1cnd47f fqv5qza f1vmzxwi f1o700av f13mvf36 f9n3di6 f1ids18y fygtlnl f1deo86v f12x56k7 f1iescvh ftqa4ok f50u1b5 fs3pq8b f1hghxdh f1tymzes f1x7u7e9 f1cmlufx f10aw75t fsle3fq\" tabindex=\"-1\">Ciurdar Ovidiu Alexandru \u2013 Membru CA<\/a><br \/>\n<a aria-label=\"Link Faur Lazar \u2013 Membru CA\" title=\"https:\/\/aerotim.ro\/wp-content\/uploads\/2022\/03\/Declaratie_avere_Faur_Lazar_2020.pdf\" href=\"https:\/\/aerotim.ro\/wp-content\/uploads\/2022\/03\/Declaratie_avere_Faur_Lazar_2020.pdf\" rel=\"noopener noreferrer\" target=\"_blank\" class=\"fui-Link ___m14voj0 f3rmtva f1ern45e f1deefiw f1n71otn f1q5o8ev f1h8hb77 f1vxd6vx f1ewtqcl fyind8e f1k6fduh f1w7gpdv fk6fouc fjoy568 figsok6 f1hu3pq6 f11qmguv f19f4twv f1tyq0we f1g0x7ka fhxju0i f1qch9an f1cnd47f fqv5qza f1vmzxwi f1o700av f13mvf36 f9n3di6 f1ids18y fygtlnl f1deo86v f12x56k7 f1iescvh ftqa4ok f50u1b5 fs3pq8b f1hghxdh f1tymzes f1x7u7e9 f1cmlufx f10aw75t fsle3fq\" tabindex=\"-1\">Faur Lazar \u2013 Membru CA<\/a><br \/>\n<a aria-label=\"Link Madalin Georgescu \u2013 Membru CA\" title=\"https:\/\/aerotim.ro\/wp-content\/uploads\/2022\/03\/Declaratie_avere_Georgescu_Madalin_2020.pdf\" href=\"https:\/\/aerotim.ro\/wp-content\/uploads\/2022\/03\/Declaratie_avere_Georgescu_Madalin_2020.pdf\" rel=\"noopener noreferrer\" target=\"_blank\" class=\"fui-Link ___m14voj0 f3rmtva f1ern45e f1deefiw f1n71otn f1q5o8ev f1h8hb77 f1vxd6vx f1ewtqcl fyind8e f1k6fduh f1w7gpdv fk6fouc fjoy568 figsok6 f1hu3pq6 f11qmguv f19f4twv f1tyq0we f1g0x7ka fhxju0i f1qch9an f1cnd47f fqv5qza f1vmzxwi f1o700av f13mvf36 f9n3di6 f1ids18y fygtlnl f1deo86v f12x56k7 f1iescvh ftqa4ok f50u1b5 fs3pq8b f1hghxdh f1tymzes f1x7u7e9 f1cmlufx f10aw75t fsle3fq\" tabindex=\"-1\">Madalin Georgescu \u2013 Membru CA<\/a><br \/>\n<a aria-label=\"Link Simona Berengea \u2013 Membru CA\" title=\"https:\/\/aerotim.ro\/wp-content\/uploads\/2022\/03\/Declaratie_avere_Berengea_Simona_2020.pdf\" href=\"https:\/\/aerotim.ro\/wp-content\/uploads\/2022\/03\/Declaratie_avere_Berengea_Simona_2020.pdf\" rel=\"noopener noreferrer\" target=\"_blank\" class=\"fui-Link ___m14voj0 f3rmtva f1ern45e f1deefiw f1n71otn f1q5o8ev f1h8hb77 f1vxd6vx f1ewtqcl fyind8e f1k6fduh f1w7gpdv fk6fouc fjoy568 figsok6 f1hu3pq6 f11qmguv f19f4twv f1tyq0we f1g0x7ka fhxju0i f1qch9an f1cnd47f fqv5qza f1vmzxwi f1o700av f13mvf36 f9n3di6 f1ids18y fygtlnl f1deo86v f12x56k7 f1iescvh ftqa4ok f50u1b5 fs3pq8b f1hghxdh f1tymzes f1x7u7e9 f1cmlufx f10aw75t fsle3fq\" tabindex=\"-1\">Simona Berengea \u2013 Membru CA<\/a><br \/>\n<a aria-label=\"Link Marin Adrian \u2013 Membru CA\" title=\"https:\/\/aerotim.ro\/wp-content\/uploads\/2022\/03\/Declaratie_avere_Marin_Adrian_2020.pdf\" href=\"https:\/\/aerotim.ro\/wp-content\/uploads\/2022\/03\/Declaratie_avere_Marin_Adrian_2020.pdf\" rel=\"noopener noreferrer\" target=\"_blank\" class=\"fui-Link ___m14voj0 f3rmtva f1ern45e f1deefiw f1n71otn f1q5o8ev f1h8hb77 f1vxd6vx f1ewtqcl fyind8e f1k6fduh f1w7gpdv fk6fouc fjoy568 figsok6 f1hu3pq6 f11qmguv f19f4twv f1tyq0we f1g0x7ka fhxju0i f1qch9an f1cnd47f fqv5qza f1vmzxwi f1o700av f13mvf36 f9n3di6 f1ids18y fygtlnl f1deo86v f12x56k7 f1iescvh ftqa4ok f50u1b5 fs3pq8b f1hghxdh f1tymzes f1x7u7e9 f1cmlufx f10aw75t fsle3fq\" tabindex=\"-1\">Marin Adrian \u2013 Membru CA<\/a><\/p>\n<p>&nbsp;<\/p>\n<h3><strong>Declara\u0163ii de interese<\/strong><\/h3>\n<p><strong>Conducerea societ\u0103\u0163ii:<\/strong><br \/>\n<a aria-label=\"Link Director General \u2013 Dorel Gradinaru\" title=\"https:\/\/aerotim.ro\/wp-content\/uploads\/2022\/03\/Declaratie_interese_Gradinaru_Dorel_2020.pdf\" href=\"https:\/\/aerotim.ro\/wp-content\/uploads\/2022\/03\/Declaratie_interese_Gradinaru_Dorel_2020.pdf\" rel=\"noopener noreferrer\" target=\"_blank\" class=\"fui-Link ___m14voj0 f3rmtva f1ern45e f1deefiw f1n71otn f1q5o8ev f1h8hb77 f1vxd6vx f1ewtqcl fyind8e f1k6fduh f1w7gpdv fk6fouc fjoy568 figsok6 f1hu3pq6 f11qmguv f19f4twv f1tyq0we f1g0x7ka fhxju0i f1qch9an f1cnd47f fqv5qza f1vmzxwi f1o700av f13mvf36 f9n3di6 f1ids18y fygtlnl f1deo86v f12x56k7 f1iescvh ftqa4ok f50u1b5 fs3pq8b f1hghxdh f1tymzes f1x7u7e9 f1cmlufx f10aw75t fsle3fq\" tabindex=\"-1\">Director General \u2013 Dorel Gradinaru<\/a><br \/>\n<a aria-label=\"Link Director Administrativ \u2013 Lucian Taropa\" title=\"https:\/\/aerotim.ro\/wp-content\/uploads\/2022\/03\/Declaratie_interese_Taropa_Lucian_2020.pdf\" href=\"https:\/\/aerotim.ro\/wp-content\/uploads\/2022\/03\/Declaratie_interese_Taropa_Lucian_2020.pdf\" rel=\"noopener noreferrer\" target=\"_blank\" class=\"fui-Link ___m14voj0 f3rmtva f1ern45e f1deefiw f1n71otn f1q5o8ev f1h8hb77 f1vxd6vx f1ewtqcl fyind8e f1k6fduh f1w7gpdv fk6fouc fjoy568 figsok6 f1hu3pq6 f11qmguv f19f4twv f1tyq0we f1g0x7ka fhxju0i f1qch9an f1cnd47f fqv5qza f1vmzxwi f1o700av f13mvf36 f9n3di6 f1ids18y fygtlnl f1deo86v f12x56k7 f1iescvh ftqa4ok f50u1b5 fs3pq8b f1hghxdh f1tymzes f1x7u7e9 f1cmlufx f10aw75t fsle3fq\" tabindex=\"-1\">Director Administrativ \u2013 Lucian Taropa<\/a><br \/>\n<a aria-label=\"Link Director Opera\u0163ional \u2013 Biro Catalin\" title=\"https:\/\/aerotim.ro\/wp-content\/uploads\/2022\/03\/Declaratie_interese_Biro_Catalin_2020.pdf\" href=\"https:\/\/aerotim.ro\/wp-content\/uploads\/2022\/03\/Declaratie_interese_Biro_Catalin_2020.pdf\" rel=\"noopener noreferrer\" target=\"_blank\" class=\"fui-Link ___m14voj0 f3rmtva f1ern45e f1deefiw f1n71otn f1q5o8ev f1h8hb77 f1vxd6vx f1ewtqcl fyind8e f1k6fduh f1w7gpdv fk6fouc fjoy568 figsok6 f1hu3pq6 f11qmguv f19f4twv f1tyq0we f1g0x7ka fhxju0i f1qch9an f1cnd47f fqv5qza f1vmzxwi f1o700av f13mvf36 f9n3di6 f1ids18y fygtlnl f1deo86v f12x56k7 f1iescvh ftqa4ok f50u1b5 fs3pq8b f1hghxdh f1tymzes f1x7u7e9 f1cmlufx f10aw75t fsle3fq\" tabindex=\"-1\">Director Opera\u0163ional \u2013 Biro Catalin<\/a><br \/>\n<a aria-label=\"Link Director Economic \u2013 Marius Ursu\" title=\"https:\/\/aerotim.ro\/wp-content\/uploads\/2022\/03\/Declaratie_interese_Ursu_Marius_2020.pdf\" href=\"https:\/\/aerotim.ro\/wp-content\/uploads\/2022\/03\/Declaratie_interese_Ursu_Marius_2020.pdf\" rel=\"noopener noreferrer\" target=\"_blank\" class=\"fui-Link ___m14voj0 f3rmtva f1ern45e f1deefiw f1n71otn f1q5o8ev f1h8hb77 f1vxd6vx f1ewtqcl fyind8e f1k6fduh f1w7gpdv fk6fouc fjoy568 figsok6 f1hu3pq6 f11qmguv f19f4twv f1tyq0we f1g0x7ka fhxju0i f1qch9an f1cnd47f fqv5qza f1vmzxwi f1o700av f13mvf36 f9n3di6 f1ids18y fygtlnl f1deo86v f12x56k7 f1iescvh ftqa4ok f50u1b5 fs3pq8b f1hghxdh f1tymzes f1x7u7e9 f1cmlufx f10aw75t fsle3fq\" tabindex=\"-1\">Director Economic \u2013 Marius Ursu<\/a><br \/>\n<a aria-label=\"Link Director Comercial \u2013 Daniel Stamatovici\" title=\"https:\/\/aerotim.ro\/wp-content\/uploads\/2022\/03\/Declaratie_interese_Stamatovici_Daniel_2020.pdf\" href=\"https:\/\/aerotim.ro\/wp-content\/uploads\/2022\/03\/Declaratie_interese_Stamatovici_Daniel_2020.pdf\" rel=\"noopener noreferrer\" target=\"_blank\" class=\"fui-Link ___m14voj0 f3rmtva f1ern45e f1deefiw f1n71otn f1q5o8ev f1h8hb77 f1vxd6vx f1ewtqcl fyind8e f1k6fduh f1w7gpdv fk6fouc fjoy568 figsok6 f1hu3pq6 f11qmguv f19f4twv f1tyq0we f1g0x7ka fhxju0i f1qch9an f1cnd47f fqv5qza f1vmzxwi f1o700av f13mvf36 f9n3di6 f1ids18y fygtlnl f1deo86v f12x56k7 f1iescvh ftqa4ok f50u1b5 fs3pq8b f1hghxdh f1tymzes f1x7u7e9 f1cmlufx f10aw75t fsle3fq\" tabindex=\"-1\">Director Comercial \u2013 Daniel Stamatovici<\/a><br \/>\n<a aria-label=\"Link Director Investitii \u2013 Daniel Idolu\" title=\"https:\/\/aerotim.ro\/wp-content\/uploads\/2022\/03\/Declaratie_interese_Idolu_Daniel_2020.pdf\" href=\"https:\/\/aerotim.ro\/wp-content\/uploads\/2022\/03\/Declaratie_interese_Idolu_Daniel_2020.pdf\" rel=\"noopener noreferrer\" target=\"_blank\" class=\"fui-Link ___m14voj0 f3rmtva f1ern45e f1deefiw f1n71otn f1q5o8ev f1h8hb77 f1vxd6vx f1ewtqcl fyind8e f1k6fduh f1w7gpdv fk6fouc fjoy568 figsok6 f1hu3pq6 f11qmguv f19f4twv f1tyq0we f1g0x7ka fhxju0i f1qch9an f1cnd47f fqv5qza f1vmzxwi f1o700av f13mvf36 f9n3di6 f1ids18y fygtlnl f1deo86v f12x56k7 f1iescvh ftqa4ok f50u1b5 fs3pq8b f1hghxdh f1tymzes f1x7u7e9 f1cmlufx f10aw75t fsle3fq\" tabindex=\"-1\">Director Investitii \u2013 Daniel Idolu<\/a><br \/>\n<a aria-label=\"Link Director Siguranta si Securitate \u2013 Adrian Pirvanescu\" title=\"https:\/\/aerotim.ro\/wp-content\/uploads\/2022\/03\/Declaratie_interese_Pirvanescu_Adrian_2020.pdf\" href=\"https:\/\/aerotim.ro\/wp-content\/uploads\/2022\/03\/Declaratie_interese_Pirvanescu_Adrian_2020.pdf\" rel=\"noopener noreferrer\" target=\"_blank\" class=\"fui-Link ___m14voj0 f3rmtva f1ern45e f1deefiw f1n71otn f1q5o8ev f1h8hb77 f1vxd6vx f1ewtqcl fyind8e f1k6fduh f1w7gpdv fk6fouc fjoy568 figsok6 f1hu3pq6 f11qmguv f19f4twv f1tyq0we f1g0x7ka fhxju0i f1qch9an f1cnd47f fqv5qza f1vmzxwi f1o700av f13mvf36 f9n3di6 f1ids18y fygtlnl f1deo86v f12x56k7 f1iescvh ftqa4ok f50u1b5 fs3pq8b f1hghxdh f1tymzes f1x7u7e9 f1cmlufx f10aw75t fsle3fq\" tabindex=\"-1\">Director Siguranta si Securitate \u2013 Adrian Pirvanescu<\/a><br \/>\n<a aria-label=\"Link Director Tehnic \u2013 Sandu Nicolae\" title=\"https:\/\/aerotim.ro\/wp-content\/uploads\/2022\/03\/Declaratie_interese_Sandu_Nicolae_2020.pdf\" href=\"https:\/\/aerotim.ro\/wp-content\/uploads\/2022\/03\/Declaratie_interese_Sandu_Nicolae_2020.pdf\" rel=\"noopener noreferrer\" target=\"_blank\" class=\"fui-Link ___m14voj0 f3rmtva f1ern45e f1deefiw f1n71otn f1q5o8ev f1h8hb77 f1vxd6vx f1ewtqcl fyind8e f1k6fduh f1w7gpdv fk6fouc fjoy568 figsok6 f1hu3pq6 f11qmguv f19f4twv f1tyq0we f1g0x7ka fhxju0i f1qch9an f1cnd47f fqv5qza f1vmzxwi f1o700av f13mvf36 f9n3di6 f1ids18y fygtlnl f1deo86v f12x56k7 f1iescvh ftqa4ok f50u1b5 fs3pq8b f1hghxdh f1tymzes f1x7u7e9 f1cmlufx f10aw75t fsle3fq\" tabindex=\"-1\">Director Tehnic \u2013 Sandu Nicolae<\/a><\/p>\n<p><strong>Consiliul de Administratie:<\/strong><br \/>\n<a aria-label=\"Link Virgil Nichita \u2013 Membru CA\" title=\"https:\/\/aerotim.ro\/wp-content\/uploads\/2022\/03\/Declaratie_interese_Nichita_Virgil_2020.pdf\" href=\"https:\/\/aerotim.ro\/wp-content\/uploads\/2022\/03\/Declaratie_interese_Nichita_Virgil_2020.pdf\" rel=\"noopener noreferrer\" target=\"_blank\" class=\"fui-Link ___m14voj0 f3rmtva f1ern45e f1deefiw f1n71otn f1q5o8ev f1h8hb77 f1vxd6vx f1ewtqcl fyind8e f1k6fduh f1w7gpdv fk6fouc fjoy568 figsok6 f1hu3pq6 f11qmguv f19f4twv f1tyq0we f1g0x7ka fhxju0i f1qch9an f1cnd47f fqv5qza f1vmzxwi f1o700av f13mvf36 f9n3di6 f1ids18y fygtlnl f1deo86v f12x56k7 f1iescvh ftqa4ok f50u1b5 fs3pq8b f1hghxdh f1tymzes f1x7u7e9 f1cmlufx f10aw75t fsle3fq\" tabindex=\"-1\">Virgil Nichita \u2013 Membru CA<\/a><br \/>\n<a aria-label=\"Link Palcu Pavel Florin \u2013 Membru CA\" title=\"https:\/\/aerotim.ro\/wp-content\/uploads\/2022\/03\/Declaratie_interese_Palcu_Pavel_Florin_2020.pdf\" href=\"https:\/\/aerotim.ro\/wp-content\/uploads\/2022\/03\/Declaratie_interese_Palcu_Pavel_Florin_2020.pdf\" rel=\"noopener noreferrer\" target=\"_blank\" class=\"fui-Link ___m14voj0 f3rmtva f1ern45e f1deefiw f1n71otn f1q5o8ev f1h8hb77 f1vxd6vx f1ewtqcl fyind8e f1k6fduh f1w7gpdv fk6fouc fjoy568 figsok6 f1hu3pq6 f11qmguv f19f4twv f1tyq0we f1g0x7ka fhxju0i f1qch9an f1cnd47f fqv5qza f1vmzxwi f1o700av f13mvf36 f9n3di6 f1ids18y fygtlnl f1deo86v f12x56k7 f1iescvh ftqa4ok f50u1b5 fs3pq8b f1hghxdh f1tymzes f1x7u7e9 f1cmlufx f10aw75t fsle3fq\" tabindex=\"-1\">Palcu Pavel Florin \u2013 Membru CA<\/a><br \/>\n<a aria-label=\"Link Ciurdar Ovidiu Alexandru \u2013 Membru CA\" title=\"https:\/\/aerotim.ro\/wp-content\/uploads\/2022\/03\/Declaratie_interese_Ciurdar_Ovidiu_2020.pdf\" href=\"https:\/\/aerotim.ro\/wp-content\/uploads\/2022\/03\/Declaratie_interese_Ciurdar_Ovidiu_2020.pdf\" rel=\"noopener noreferrer\" target=\"_blank\" class=\"fui-Link ___m14voj0 f3rmtva f1ern45e f1deefiw f1n71otn f1q5o8ev f1h8hb77 f1vxd6vx f1ewtqcl fyind8e f1k6fduh f1w7gpdv fk6fouc fjoy568 figsok6 f1hu3pq6 f11qmguv f19f4twv f1tyq0we f1g0x7ka fhxju0i f1qch9an f1cnd47f fqv5qza f1vmzxwi f1o700av f13mvf36 f9n3di6 f1ids18y fygtlnl f1deo86v f12x56k7 f1iescvh ftqa4ok f50u1b5 fs3pq8b f1hghxdh f1tymzes f1x7u7e9 f1cmlufx f10aw75t fsle3fq\" tabindex=\"-1\">Ciurdar Ovidiu Alexandru \u2013 Membru CA<\/a><br \/>\n<a aria-label=\"Link Faur Lazar \u2013 Membru CA\" title=\"https:\/\/aerotim.ro\/wp-content\/uploads\/2022\/03\/Declaratie_interese_Faur_Lazar_2020.pdf\" href=\"https:\/\/aerotim.ro\/wp-content\/uploads\/2022\/03\/Declaratie_interese_Faur_Lazar_2020.pdf\" rel=\"noopener noreferrer\" target=\"_blank\" class=\"fui-Link ___m14voj0 f3rmtva f1ern45e f1deefiw f1n71otn f1q5o8ev f1h8hb77 f1vxd6vx f1ewtqcl fyind8e f1k6fduh f1w7gpdv fk6fouc fjoy568 figsok6 f1hu3pq6 f11qmguv f19f4twv f1tyq0we f1g0x7ka fhxju0i f1qch9an f1cnd47f fqv5qza f1vmzxwi f1o700av f13mvf36 f9n3di6 f1ids18y fygtlnl f1deo86v f12x56k7 f1iescvh ftqa4ok f50u1b5 fs3pq8b f1hghxdh f1tymzes f1x7u7e9 f1cmlufx f10aw75t fsle3fq\" tabindex=\"-1\">Faur Lazar \u2013 Membru CA<\/a><br \/>\n<a aria-label=\"Link Madalin Georgescu \u2013 Membru CA\" title=\"https:\/\/aerotim.ro\/wp-content\/uploads\/2022\/03\/Declaratie_interese_Georgescu_Madalin_2020.pdf\" href=\"https:\/\/aerotim.ro\/wp-content\/uploads\/2022\/03\/Declaratie_interese_Georgescu_Madalin_2020.pdf\" rel=\"noopener noreferrer\" target=\"_blank\" class=\"fui-Link ___m14voj0 f3rmtva f1ern45e f1deefiw f1n71otn f1q5o8ev f1h8hb77 f1vxd6vx f1ewtqcl fyind8e f1k6fduh f1w7gpdv fk6fouc fjoy568 figsok6 f1hu3pq6 f11qmguv f19f4twv f1tyq0we f1g0x7ka fhxju0i f1qch9an f1cnd47f fqv5qza f1vmzxwi f1o700av f13mvf36 f9n3di6 f1ids18y fygtlnl f1deo86v f12x56k7 f1iescvh ftqa4ok f50u1b5 fs3pq8b f1hghxdh f1tymzes f1x7u7e9 f1cmlufx f10aw75t fsle3fq\" tabindex=\"-1\">Madalin Georgescu \u2013 Membru CA<\/a><br \/>\n<a aria-label=\"Link Simona Berengea \u2013 Membru CA\" title=\"https:\/\/aerotim.ro\/wp-content\/uploads\/2022\/03\/Declaratie_interese_Berengea_Simona_2020.pdf\" href=\"https:\/\/aerotim.ro\/wp-content\/uploads\/2022\/03\/Declaratie_interese_Berengea_Simona_2020.pdf\" rel=\"noopener noreferrer\" target=\"_blank\" class=\"fui-Link ___m14voj0 f3rmtva f1ern45e f1deefiw f1n71otn f1q5o8ev f1h8hb77 f1vxd6vx f1ewtqcl fyind8e f1k6fduh f1w7gpdv fk6fouc fjoy568 figsok6 f1hu3pq6 f11qmguv f19f4twv f1tyq0we f1g0x7ka fhxju0i f1qch9an f1cnd47f fqv5qza f1vmzxwi f1o700av f13mvf36 f9n3di6 f1ids18y fygtlnl f1deo86v f12x56k7 f1iescvh ftqa4ok f50u1b5 fs3pq8b f1hghxdh f1tymzes f1x7u7e9 f1cmlufx f10aw75t fsle3fq\" tabindex=\"-1\">Simona Berengea \u2013 Membru CA<\/a><br \/>\n<a aria-label=\"Link Marin Adrian \u2013 Membru CA\" title=\"https:\/\/aerotim.ro\/wp-content\/uploads\/2022\/03\/Declaratie_interese_Marin_Adrian_2020.pdf\" href=\"https:\/\/aerotim.ro\/wp-content\/uploads\/2022\/03\/Declaratie_interese_Marin_Adrian_2020.pdf\" rel=\"noopener noreferrer\" target=\"_blank\" class=\"fui-Link ___m14voj0 f3rmtva f1ern45e f1deefiw f1n71otn f1q5o8ev f1h8hb77 f1vxd6vx f1ewtqcl fyind8e f1k6fduh f1w7gpdv fk6fouc fjoy568 figsok6 f1hu3pq6 f11qmguv f19f4twv f1tyq0we f1g0x7ka fhxju0i f1qch9an f1cnd47f fqv5qza f1vmzxwi f1o700av f13mvf36 f9n3di6 f1ids18y fygtlnl f1deo86v f12x56k7 f1iescvh ftqa4ok f50u1b5 fs3pq8b f1hghxdh f1tymzes f1x7u7e9 f1cmlufx f10aw75t fsle3fq\" tabindex=\"-1\">Marin Adrian \u2013 Membru CA<\/a><\/p>\n","protected":false},"excerpt":{"rendered":"<p>Declara\u021bii de avere \u015fi interese pentru anul 2020 &nbsp; Declara\u0163ii de avere Conducerea societ\u0103\u0163ii: Director General \u2013 Dorel Gradinaru Director Administrativ \u2013 Lucian Taropa Director Opera\u0163ional \u2013 Biro Catalin Director Economic \u2013 Marius Ursu Director Comercial \u2013 Daniel Stamatovici Director Investitii \u2013 Daniel Idolu Director Siguranta si Securitate \u2013 Adrian Pirvanescu Director Tehnic \u2013 Sandu [&hellip;]<\/p>\n","protected":false},"author":1,"featured_media":0,"parent":0,"menu_order":0,"comment_status":"closed","ping_status":"closed","template":"","meta":{"footnotes":""},"class_list":["post-19944","page","type-page","status-publish","hentry"],"_links":{"self":[{"href":"https:\/\/www.aerotim.ro\/index.php\/wp-json\/wp\/v2\/pages\/19944","targetHints":{"allow":["GET"]}}],"collection":[{"href":"https:\/\/www.aerotim.ro\/index.php\/wp-json\/wp\/v2\/pages"}],"about":[{"href":"https:\/\/www.aerotim.ro\/index.php\/wp-json\/wp\/v2\/types\/page"}],"author":[{"embeddable":true,"href":"https:\/\/www.aerotim.ro\/index.php\/wp-json\/wp\/v2\/users\/1"}],"replies":[{"embeddable":true,"href":"https:\/\/www.aerotim.ro\/index.php\/wp-json\/wp\/v2\/comments?post=19944"}],"version-history":[{"count":2,"href":"https:\/\/www.aerotim.ro\/index.php\/wp-json\/wp\/v2\/pages\/19944\/revisions"}],"predecessor-version":[{"id":20689,"href":"https:\/\/www.aerotim.ro\/index.php\/wp-json\/wp\/v2\/pages\/19944\/revisions\/20689"}],"wp:attachment":[{"href":"https:\/\/www.aerotim.ro\/index.php\/wp-json\/wp\/v2\/media?parent=19944"}],"curies":[{"name":"wp","href":"https:\/\/api.w.org\/{rel}","templated":true}]}}