{"id":19940,"date":"2022-11-22T12:54:29","date_gmt":"2022-11-22T10:54:29","guid":{"rendered":"https:\/\/www.aerotim.ro\/?page_id=19940"},"modified":"2023-02-07T09:24:10","modified_gmt":"2023-02-07T07:24:10","slug":"declaratii-de-avere-interese-2018","status":"publish","type":"page","link":"https:\/\/www.aerotim.ro\/index.php\/declaratii-de-avere-interese-2018\/","title":{"rendered":"Declara\u021bii de avere \u0219i interese 2018"},"content":{"rendered":"<h2 style=\"text-align: center;\"><strong>Declara\u021bii de avere \u015fi interese pentru anul 2018<\/strong><\/h2>\n<p>&nbsp;<\/p>\n<h3><strong>Declara\u0163ii de avere<\/strong><\/h3>\n<p><strong>Conducerea societ\u0103\u0163ii:<\/strong><br \/>\n<a aria-label=\"Link Director General \u2013 Iulian Daniel Idolu\" title=\"https:\/\/aerotim.ro\/wp-content\/uploads\/2022\/03\/Declaratie_avere_Idolu_Iulian_Daniel_2018.pdf\" href=\"https:\/\/aerotim.ro\/wp-content\/uploads\/2022\/03\/Declaratie_avere_Idolu_Iulian_Daniel_2018.pdf\" rel=\"noopener noreferrer\" target=\"_blank\" class=\"fui-Link ___m14voj0 f3rmtva f1ern45e f1deefiw f1n71otn f1q5o8ev f1h8hb77 f1vxd6vx f1ewtqcl fyind8e f1k6fduh f1w7gpdv fk6fouc fjoy568 figsok6 f1hu3pq6 f11qmguv f19f4twv f1tyq0we f1g0x7ka fhxju0i f1qch9an f1cnd47f fqv5qza f1vmzxwi f1o700av f13mvf36 f9n3di6 f1ids18y fygtlnl f1deo86v f12x56k7 f1iescvh ftqa4ok f50u1b5 fs3pq8b f1hghxdh f1tymzes f1x7u7e9 f1cmlufx f10aw75t fsle3fq\" tabindex=\"-1\">Director General \u2013 Iulian Daniel Idolu<\/a><br \/>\nDirector Administrativ \u2013 Lucian Taropa<br \/>\nDirector Opera\u0163ional \u2013 Simionescu Ciprian<br \/>\n<a aria-label=\"Link Director Economic \u2013 Marius Ursu\" title=\"https:\/\/aerotim.ro\/wp-content\/uploads\/2022\/03\/Declaratie_avere_Ursu_Marius_2018.pdf\" href=\"https:\/\/aerotim.ro\/wp-content\/uploads\/2022\/03\/Declaratie_avere_Ursu_Marius_2018.pdf\" rel=\"noopener noreferrer\" target=\"_blank\" class=\"fui-Link ___m14voj0 f3rmtva f1ern45e f1deefiw f1n71otn f1q5o8ev f1h8hb77 f1vxd6vx f1ewtqcl fyind8e f1k6fduh f1w7gpdv fk6fouc fjoy568 figsok6 f1hu3pq6 f11qmguv f19f4twv f1tyq0we f1g0x7ka fhxju0i f1qch9an f1cnd47f fqv5qza f1vmzxwi f1o700av f13mvf36 f9n3di6 f1ids18y fygtlnl f1deo86v f12x56k7 f1iescvh ftqa4ok f50u1b5 fs3pq8b f1hghxdh f1tymzes f1x7u7e9 f1cmlufx f10aw75t fsle3fq\" tabindex=\"-1\">Director Economic \u2013 Marius Ursu<\/a><br \/>\n<a aria-label=\"Link Director Comercial \u2013 Daniel Stamatovici\" title=\"https:\/\/aerotim.ro\/wp-content\/uploads\/2022\/03\/Declaratie_avere_Stamatovici_Daniel_2018.pdf\" href=\"https:\/\/aerotim.ro\/wp-content\/uploads\/2022\/03\/Declaratie_avere_Stamatovici_Daniel_2018.pdf\" rel=\"noopener noreferrer\" target=\"_blank\" class=\"fui-Link ___m14voj0 f3rmtva f1ern45e f1deefiw f1n71otn f1q5o8ev f1h8hb77 f1vxd6vx f1ewtqcl fyind8e f1k6fduh f1w7gpdv fk6fouc fjoy568 figsok6 f1hu3pq6 f11qmguv f19f4twv f1tyq0we f1g0x7ka fhxju0i f1qch9an f1cnd47f fqv5qza f1vmzxwi f1o700av f13mvf36 f9n3di6 f1ids18y fygtlnl f1deo86v f12x56k7 f1iescvh ftqa4ok f50u1b5 fs3pq8b f1hghxdh f1tymzes f1x7u7e9 f1cmlufx f10aw75t fsle3fq\" tabindex=\"-1\">Director Comercial \u2013 Daniel Stamatovici<\/a><br \/>\n<a aria-label=\"Link Director Investi\u021bii \u2013 Dinu Daniel\" title=\"https:\/\/aerotim.ro\/wp-content\/uploads\/2022\/03\/Declaratie_avere_Dinu_Daniel_2018.pdf\" href=\"https:\/\/aerotim.ro\/wp-content\/uploads\/2022\/03\/Declaratie_avere_Dinu_Daniel_2018.pdf\" rel=\"noopener noreferrer\" target=\"_blank\" class=\"fui-Link ___m14voj0 f3rmtva f1ern45e f1deefiw f1n71otn f1q5o8ev f1h8hb77 f1vxd6vx f1ewtqcl fyind8e f1k6fduh f1w7gpdv fk6fouc fjoy568 figsok6 f1hu3pq6 f11qmguv f19f4twv f1tyq0we f1g0x7ka fhxju0i f1qch9an f1cnd47f fqv5qza f1vmzxwi f1o700av f13mvf36 f9n3di6 f1ids18y fygtlnl f1deo86v f12x56k7 f1iescvh ftqa4ok f50u1b5 fs3pq8b f1hghxdh f1tymzes f1x7u7e9 f1cmlufx f10aw75t fsle3fq\" tabindex=\"-1\">Director Investi\u021bii \u2013 Dinu Daniel<\/a><br \/>\n<a aria-label=\"Link Director Siguranta si Securitate \u2013 Adrian Pirvanescu\" title=\"https:\/\/aerotim.ro\/wp-content\/uploads\/2022\/03\/Declaratie_avere_Pirvanescu_Adrian_2018.pdf\" href=\"https:\/\/aerotim.ro\/wp-content\/uploads\/2022\/03\/Declaratie_avere_Pirvanescu_Adrian_2018.pdf\" rel=\"noopener noreferrer\" target=\"_blank\" class=\"fui-Link ___m14voj0 f3rmtva f1ern45e f1deefiw f1n71otn f1q5o8ev f1h8hb77 f1vxd6vx f1ewtqcl fyind8e f1k6fduh f1w7gpdv fk6fouc fjoy568 figsok6 f1hu3pq6 f11qmguv f19f4twv f1tyq0we f1g0x7ka fhxju0i f1qch9an f1cnd47f fqv5qza f1vmzxwi f1o700av f13mvf36 f9n3di6 f1ids18y fygtlnl f1deo86v f12x56k7 f1iescvh ftqa4ok f50u1b5 fs3pq8b f1hghxdh f1tymzes f1x7u7e9 f1cmlufx f10aw75t fsle3fq\" tabindex=\"-1\">Director Siguranta si Securitate \u2013 Adrian Pirvanescu<\/a><\/p>\n<p><strong>Consiliul de Administratie:<\/strong><br \/>\n<a aria-label=\"Link Mocan Marian Liviu\" title=\"https:\/\/aerotim.ro\/wp-content\/uploads\/2022\/03\/Declaratie_avere_Mocan_Marian_2018.pdf\" href=\"https:\/\/aerotim.ro\/wp-content\/uploads\/2022\/03\/Declaratie_avere_Mocan_Marian_2018.pdf\" rel=\"noopener noreferrer\" target=\"_blank\" class=\"fui-Link ___m14voj0 f3rmtva f1ern45e f1deefiw f1n71otn f1q5o8ev f1h8hb77 f1vxd6vx f1ewtqcl fyind8e f1k6fduh f1w7gpdv fk6fouc fjoy568 figsok6 f1hu3pq6 f11qmguv f19f4twv f1tyq0we f1g0x7ka fhxju0i f1qch9an f1cnd47f fqv5qza f1vmzxwi f1o700av f13mvf36 f9n3di6 f1ids18y fygtlnl f1deo86v f12x56k7 f1iescvh ftqa4ok f50u1b5 fs3pq8b f1hghxdh f1tymzes f1x7u7e9 f1cmlufx f10aw75t fsle3fq\" tabindex=\"-1\">Mocan Marian Liviu<\/a><br \/>\n<a aria-label=\"Link Idolu Iulian Daniel\" title=\"https:\/\/aerotim.ro\/wp-content\/uploads\/2022\/03\/Declaratie_avere_Idolu_Iulian_Daniel_2018-1.pdf\" href=\"https:\/\/aerotim.ro\/wp-content\/uploads\/2022\/03\/Declaratie_avere_Idolu_Iulian_Daniel_2018-1.pdf\" rel=\"noopener noreferrer\" target=\"_blank\" class=\"fui-Link ___m14voj0 f3rmtva f1ern45e f1deefiw f1n71otn f1q5o8ev f1h8hb77 f1vxd6vx f1ewtqcl fyind8e f1k6fduh f1w7gpdv fk6fouc fjoy568 figsok6 f1hu3pq6 f11qmguv f19f4twv f1tyq0we f1g0x7ka fhxju0i f1qch9an f1cnd47f fqv5qza f1vmzxwi f1o700av f13mvf36 f9n3di6 f1ids18y fygtlnl f1deo86v f12x56k7 f1iescvh ftqa4ok f50u1b5 fs3pq8b f1hghxdh f1tymzes f1x7u7e9 f1cmlufx f10aw75t fsle3fq\" tabindex=\"-1\">Idolu Iulian Daniel<\/a><br \/>\n<a aria-label=\"Link Miruna Alexandra Vicol\" title=\"https:\/\/aerotim.ro\/wp-content\/uploads\/2022\/03\/Declaratie_avere_Vicol_Miruna_2018.pdf\" href=\"https:\/\/aerotim.ro\/wp-content\/uploads\/2022\/03\/Declaratie_avere_Vicol_Miruna_2018.pdf\" rel=\"noopener noreferrer\" target=\"_blank\" class=\"fui-Link ___m14voj0 f3rmtva f1ern45e f1deefiw f1n71otn f1q5o8ev f1h8hb77 f1vxd6vx f1ewtqcl fyind8e f1k6fduh f1w7gpdv fk6fouc fjoy568 figsok6 f1hu3pq6 f11qmguv f19f4twv f1tyq0we f1g0x7ka fhxju0i f1qch9an f1cnd47f fqv5qza f1vmzxwi f1o700av f13mvf36 f9n3di6 f1ids18y fygtlnl f1deo86v f12x56k7 f1iescvh ftqa4ok f50u1b5 fs3pq8b f1hghxdh f1tymzes f1x7u7e9 f1cmlufx f10aw75t fsle3fq\" tabindex=\"-1\">Miruna Alexandra Vicol<\/a><br \/>\n<a aria-label=\"Link Georgescu Petre Madalin\" title=\"https:\/\/aerotim.ro\/wp-content\/uploads\/2022\/03\/Declaratie_avere_Georgescu_Petre_2018.pdf\" href=\"https:\/\/aerotim.ro\/wp-content\/uploads\/2022\/03\/Declaratie_avere_Georgescu_Petre_2018.pdf\" rel=\"noopener noreferrer\" target=\"_blank\" class=\"fui-Link ___m14voj0 f3rmtva f1ern45e f1deefiw f1n71otn f1q5o8ev f1h8hb77 f1vxd6vx f1ewtqcl fyind8e f1k6fduh f1w7gpdv fk6fouc fjoy568 figsok6 f1hu3pq6 f11qmguv f19f4twv f1tyq0we f1g0x7ka fhxju0i f1qch9an f1cnd47f fqv5qza f1vmzxwi f1o700av f13mvf36 f9n3di6 f1ids18y fygtlnl f1deo86v f12x56k7 f1iescvh ftqa4ok f50u1b5 fs3pq8b f1hghxdh f1tymzes f1x7u7e9 f1cmlufx f10aw75t fsle3fq\" tabindex=\"-1\">Georgescu Petre Madalin<\/a><br \/>\n<a aria-label=\"Link Jichici Ciprian Corneliu\" title=\"https:\/\/aerotim.ro\/wp-content\/uploads\/2022\/03\/Declaratie_avere_Jichici_Ciprian_2018.pdf\" href=\"https:\/\/aerotim.ro\/wp-content\/uploads\/2022\/03\/Declaratie_avere_Jichici_Ciprian_2018.pdf\" rel=\"noopener noreferrer\" target=\"_blank\" class=\"fui-Link ___m14voj0 f3rmtva f1ern45e f1deefiw f1n71otn f1q5o8ev f1h8hb77 f1vxd6vx f1ewtqcl fyind8e f1k6fduh f1w7gpdv fk6fouc fjoy568 figsok6 f1hu3pq6 f11qmguv f19f4twv f1tyq0we f1g0x7ka fhxju0i f1qch9an f1cnd47f fqv5qza f1vmzxwi f1o700av f13mvf36 f9n3di6 f1ids18y fygtlnl f1deo86v f12x56k7 f1iescvh ftqa4ok f50u1b5 fs3pq8b f1hghxdh f1tymzes f1x7u7e9 f1cmlufx f10aw75t fsle3fq\" tabindex=\"-1\">Jichici Ciprian Corneliu<\/a><\/p>\n<h3><strong>Declara\u0163ii de interese<\/strong><\/h3>\n<p><strong>Conducerea societ\u0103\u0163ii:<\/strong><br \/>\n<a aria-label=\"Link Director General \u2013 Iulian Daniel Idolu\" title=\"https:\/\/aerotim.ro\/wp-content\/uploads\/2022\/03\/Declaratie_interese_Idolu_Iulian_Daniel_2018.pdf\" href=\"https:\/\/aerotim.ro\/wp-content\/uploads\/2022\/03\/Declaratie_interese_Idolu_Iulian_Daniel_2018.pdf\" rel=\"noopener noreferrer\" target=\"_blank\" class=\"fui-Link ___m14voj0 f3rmtva f1ern45e f1deefiw f1n71otn f1q5o8ev f1h8hb77 f1vxd6vx f1ewtqcl fyind8e f1k6fduh f1w7gpdv fk6fouc fjoy568 figsok6 f1hu3pq6 f11qmguv f19f4twv f1tyq0we f1g0x7ka fhxju0i f1qch9an f1cnd47f fqv5qza f1vmzxwi f1o700av f13mvf36 f9n3di6 f1ids18y fygtlnl f1deo86v f12x56k7 f1iescvh ftqa4ok f50u1b5 fs3pq8b f1hghxdh f1tymzes f1x7u7e9 f1cmlufx f10aw75t fsle3fq\" tabindex=\"-1\">Director General \u2013 Iulian Daniel Idolu<\/a><br \/>\nDirector Administrativ \u2013 Lucian Taropa<br \/>\nDirector Opera\u0163ional \u2013 Simionescu Ciprian<br \/>\n<a aria-label=\"Link Director Economic \u2013 Marius Ursu\" title=\"https:\/\/aerotim.ro\/wp-content\/uploads\/2022\/03\/Declaratie_interese_Ursu_Marius_2018.pdf\" href=\"https:\/\/aerotim.ro\/wp-content\/uploads\/2022\/03\/Declaratie_interese_Ursu_Marius_2018.pdf\" rel=\"noopener noreferrer\" target=\"_blank\" class=\"fui-Link ___m14voj0 f3rmtva f1ern45e f1deefiw f1n71otn f1q5o8ev f1h8hb77 f1vxd6vx f1ewtqcl fyind8e f1k6fduh f1w7gpdv fk6fouc fjoy568 figsok6 f1hu3pq6 f11qmguv f19f4twv f1tyq0we f1g0x7ka fhxju0i f1qch9an f1cnd47f fqv5qza f1vmzxwi f1o700av f13mvf36 f9n3di6 f1ids18y fygtlnl f1deo86v f12x56k7 f1iescvh ftqa4ok f50u1b5 fs3pq8b f1hghxdh f1tymzes f1x7u7e9 f1cmlufx f10aw75t fsle3fq\" tabindex=\"-1\">Director Economic \u2013 Marius Ursu<\/a><br \/>\n<a aria-label=\"Link Director Comercial \u2013 Daniel Stamatovici\" title=\"https:\/\/aerotim.ro\/wp-content\/uploads\/2022\/03\/Declaratie_interese_Stamatovici_Daniel_2018.pdf\" href=\"https:\/\/aerotim.ro\/wp-content\/uploads\/2022\/03\/Declaratie_interese_Stamatovici_Daniel_2018.pdf\" rel=\"noopener noreferrer\" target=\"_blank\" class=\"fui-Link ___m14voj0 f3rmtva f1ern45e f1deefiw f1n71otn f1q5o8ev f1h8hb77 f1vxd6vx f1ewtqcl fyind8e f1k6fduh f1w7gpdv fk6fouc fjoy568 figsok6 f1hu3pq6 f11qmguv f19f4twv f1tyq0we f1g0x7ka fhxju0i f1qch9an f1cnd47f fqv5qza f1vmzxwi f1o700av f13mvf36 f9n3di6 f1ids18y fygtlnl f1deo86v f12x56k7 f1iescvh ftqa4ok f50u1b5 fs3pq8b f1hghxdh f1tymzes f1x7u7e9 f1cmlufx f10aw75t fsle3fq\" tabindex=\"-1\">Director Comercial \u2013 Daniel Stamatovici<\/a><br \/>\n<a aria-label=\"Link Director Investi\u021bii \u2013 Dinu Daniel\" title=\"https:\/\/aerotim.ro\/wp-content\/uploads\/2022\/03\/Declaratie_interese_Dinu_Daniel_2018.pdf\" href=\"https:\/\/aerotim.ro\/wp-content\/uploads\/2022\/03\/Declaratie_interese_Dinu_Daniel_2018.pdf\" rel=\"noopener noreferrer\" target=\"_blank\" class=\"fui-Link ___m14voj0 f3rmtva f1ern45e f1deefiw f1n71otn f1q5o8ev f1h8hb77 f1vxd6vx f1ewtqcl fyind8e f1k6fduh f1w7gpdv fk6fouc fjoy568 figsok6 f1hu3pq6 f11qmguv f19f4twv f1tyq0we f1g0x7ka fhxju0i f1qch9an f1cnd47f fqv5qza f1vmzxwi f1o700av f13mvf36 f9n3di6 f1ids18y fygtlnl f1deo86v f12x56k7 f1iescvh ftqa4ok f50u1b5 fs3pq8b f1hghxdh f1tymzes f1x7u7e9 f1cmlufx f10aw75t fsle3fq\" tabindex=\"-1\">Director Investi\u021bii \u2013 Dinu Daniel<\/a><br \/>\n<a aria-label=\"Link Director Siguranta si Securitate \u2013 Adrian Pirvanescu\" title=\"https:\/\/aerotim.ro\/wp-content\/uploads\/2022\/03\/Declaratie_interese_Pirvanescu_Adrian_2018.pdf\" href=\"https:\/\/aerotim.ro\/wp-content\/uploads\/2022\/03\/Declaratie_interese_Pirvanescu_Adrian_2018.pdf\" rel=\"noopener noreferrer\" target=\"_blank\" class=\"fui-Link ___m14voj0 f3rmtva f1ern45e f1deefiw f1n71otn f1q5o8ev f1h8hb77 f1vxd6vx f1ewtqcl fyind8e f1k6fduh f1w7gpdv fk6fouc fjoy568 figsok6 f1hu3pq6 f11qmguv f19f4twv f1tyq0we f1g0x7ka fhxju0i f1qch9an f1cnd47f fqv5qza f1vmzxwi f1o700av f13mvf36 f9n3di6 f1ids18y fygtlnl f1deo86v f12x56k7 f1iescvh ftqa4ok f50u1b5 fs3pq8b f1hghxdh f1tymzes f1x7u7e9 f1cmlufx f10aw75t fsle3fq\" tabindex=\"-1\">Director Siguranta si Securitate \u2013 Adrian Pirvanescu<\/a><\/p>\n<p><strong>Consiliul de Administratie:<\/strong><br \/>\n<a aria-label=\"Link Mocan Marian Liviu\" title=\"https:\/\/aerotim.ro\/wp-content\/uploads\/2022\/03\/Declaratie_interese_Mocan_Marian_2018.pdf\" href=\"https:\/\/aerotim.ro\/wp-content\/uploads\/2022\/03\/Declaratie_interese_Mocan_Marian_2018.pdf\" rel=\"noopener noreferrer\" target=\"_blank\" class=\"fui-Link ___m14voj0 f3rmtva f1ern45e f1deefiw f1n71otn f1q5o8ev f1h8hb77 f1vxd6vx f1ewtqcl fyind8e f1k6fduh f1w7gpdv fk6fouc fjoy568 figsok6 f1hu3pq6 f11qmguv f19f4twv f1tyq0we f1g0x7ka fhxju0i f1qch9an f1cnd47f fqv5qza f1vmzxwi f1o700av f13mvf36 f9n3di6 f1ids18y fygtlnl f1deo86v f12x56k7 f1iescvh ftqa4ok f50u1b5 fs3pq8b f1hghxdh f1tymzes f1x7u7e9 f1cmlufx f10aw75t fsle3fq\" tabindex=\"-1\">Mocan Marian Liviu<\/a><br \/>\n<a aria-label=\"Link Idolu Iulian Daniel\" title=\"https:\/\/aerotim.ro\/wp-content\/uploads\/2022\/03\/Declaratie_interese_Idolu_Iulian_Daniel_2018-1.pdf\" href=\"https:\/\/aerotim.ro\/wp-content\/uploads\/2022\/03\/Declaratie_interese_Idolu_Iulian_Daniel_2018-1.pdf\" rel=\"noopener noreferrer\" target=\"_blank\" class=\"fui-Link ___m14voj0 f3rmtva f1ern45e f1deefiw f1n71otn f1q5o8ev f1h8hb77 f1vxd6vx f1ewtqcl fyind8e f1k6fduh f1w7gpdv fk6fouc fjoy568 figsok6 f1hu3pq6 f11qmguv f19f4twv f1tyq0we f1g0x7ka fhxju0i f1qch9an f1cnd47f fqv5qza f1vmzxwi f1o700av f13mvf36 f9n3di6 f1ids18y fygtlnl f1deo86v f12x56k7 f1iescvh ftqa4ok f50u1b5 fs3pq8b f1hghxdh f1tymzes f1x7u7e9 f1cmlufx f10aw75t fsle3fq\" tabindex=\"-1\">Idolu Iulian Daniel<\/a><br \/>\n<a aria-label=\"Link Miruna Alexandra Vicol\" title=\"https:\/\/aerotim.ro\/wp-content\/uploads\/2022\/03\/Declaratie_interese_Vicol_Miruna_2018.pdf\" href=\"https:\/\/aerotim.ro\/wp-content\/uploads\/2022\/03\/Declaratie_interese_Vicol_Miruna_2018.pdf\" rel=\"noopener noreferrer\" target=\"_blank\" class=\"fui-Link ___m14voj0 f3rmtva f1ern45e f1deefiw f1n71otn f1q5o8ev f1h8hb77 f1vxd6vx f1ewtqcl fyind8e f1k6fduh f1w7gpdv fk6fouc fjoy568 figsok6 f1hu3pq6 f11qmguv f19f4twv f1tyq0we f1g0x7ka fhxju0i f1qch9an f1cnd47f fqv5qza f1vmzxwi f1o700av f13mvf36 f9n3di6 f1ids18y fygtlnl f1deo86v f12x56k7 f1iescvh ftqa4ok f50u1b5 fs3pq8b f1hghxdh f1tymzes f1x7u7e9 f1cmlufx f10aw75t fsle3fq\" tabindex=\"-1\">Miruna Alexandra Vicol<\/a><br \/>\n<a aria-label=\"Link Georgescu Petre Madalin\" title=\"https:\/\/aerotim.ro\/wp-content\/uploads\/2022\/03\/Declaratie_interese_Georgescu_Petre_2018.pdf\" href=\"https:\/\/aerotim.ro\/wp-content\/uploads\/2022\/03\/Declaratie_interese_Georgescu_Petre_2018.pdf\" rel=\"noopener noreferrer\" target=\"_blank\" class=\"fui-Link ___m14voj0 f3rmtva f1ern45e f1deefiw f1n71otn f1q5o8ev f1h8hb77 f1vxd6vx f1ewtqcl fyind8e f1k6fduh f1w7gpdv fk6fouc fjoy568 figsok6 f1hu3pq6 f11qmguv f19f4twv f1tyq0we f1g0x7ka fhxju0i f1qch9an f1cnd47f fqv5qza f1vmzxwi f1o700av f13mvf36 f9n3di6 f1ids18y fygtlnl f1deo86v f12x56k7 f1iescvh ftqa4ok f50u1b5 fs3pq8b f1hghxdh f1tymzes f1x7u7e9 f1cmlufx f10aw75t fsle3fq\" tabindex=\"-1\">Georgescu Petre Madalin<\/a><br \/>\n<a aria-label=\"Link Jichici Ciprian Corneliu\" title=\"https:\/\/aerotim.ro\/wp-content\/uploads\/2022\/03\/Declaratie_interese_Jichici_Ciprian_2018.pdf\" href=\"https:\/\/aerotim.ro\/wp-content\/uploads\/2022\/03\/Declaratie_interese_Jichici_Ciprian_2018.pdf\" rel=\"noopener noreferrer\" target=\"_blank\" class=\"fui-Link ___m14voj0 f3rmtva f1ern45e f1deefiw f1n71otn f1q5o8ev f1h8hb77 f1vxd6vx f1ewtqcl fyind8e f1k6fduh f1w7gpdv fk6fouc fjoy568 figsok6 f1hu3pq6 f11qmguv f19f4twv f1tyq0we f1g0x7ka fhxju0i f1qch9an f1cnd47f fqv5qza f1vmzxwi f1o700av f13mvf36 f9n3di6 f1ids18y fygtlnl f1deo86v f12x56k7 f1iescvh ftqa4ok f50u1b5 fs3pq8b f1hghxdh f1tymzes f1x7u7e9 f1cmlufx f10aw75t fsle3fq\" tabindex=\"-1\">Jichici Ciprian Corneliu<\/a><\/p>\n","protected":false},"excerpt":{"rendered":"<p>Declara\u021bii de avere \u015fi interese pentru anul 2018 &nbsp; Declara\u0163ii de avere Conducerea societ\u0103\u0163ii: Director General \u2013 Iulian Daniel Idolu Director Administrativ \u2013 Lucian Taropa Director Opera\u0163ional \u2013 Simionescu Ciprian Director Economic \u2013 Marius Ursu Director Comercial \u2013 Daniel Stamatovici Director Investi\u021bii \u2013 Dinu Daniel Director Siguranta si Securitate \u2013 Adrian Pirvanescu Consiliul de Administratie: [&hellip;]<\/p>\n","protected":false},"author":1,"featured_media":0,"parent":0,"menu_order":0,"comment_status":"closed","ping_status":"closed","template":"","meta":{"footnotes":""},"class_list":["post-19940","page","type-page","status-publish","hentry"],"_links":{"self":[{"href":"https:\/\/www.aerotim.ro\/index.php\/wp-json\/wp\/v2\/pages\/19940","targetHints":{"allow":["GET"]}}],"collection":[{"href":"https:\/\/www.aerotim.ro\/index.php\/wp-json\/wp\/v2\/pages"}],"about":[{"href":"https:\/\/www.aerotim.ro\/index.php\/wp-json\/wp\/v2\/types\/page"}],"author":[{"embeddable":true,"href":"https:\/\/www.aerotim.ro\/index.php\/wp-json\/wp\/v2\/users\/1"}],"replies":[{"embeddable":true,"href":"https:\/\/www.aerotim.ro\/index.php\/wp-json\/wp\/v2\/comments?post=19940"}],"version-history":[{"count":2,"href":"https:\/\/www.aerotim.ro\/index.php\/wp-json\/wp\/v2\/pages\/19940\/revisions"}],"predecessor-version":[{"id":20687,"href":"https:\/\/www.aerotim.ro\/index.php\/wp-json\/wp\/v2\/pages\/19940\/revisions\/20687"}],"wp:attachment":[{"href":"https:\/\/www.aerotim.ro\/index.php\/wp-json\/wp\/v2\/media?parent=19940"}],"curies":[{"name":"wp","href":"https:\/\/api.w.org\/{rel}","templated":true}]}}