{"id":18797,"date":"2022-06-29T12:33:38","date_gmt":"2022-06-29T09:33:38","guid":{"rendered":"https:\/\/opus365.ro\/aerotim_2022\/?page_id=18797"},"modified":"2025-07-31T15:37:21","modified_gmt":"2025-07-31T12:37:21","slug":"rent-a-car","status":"publish","type":"page","link":"https:\/\/www.aerotim.ro\/index.php\/rent-a-car\/","title":{"rendered":"Rent-a-car"},"content":{"rendered":"<div class=\"wpb-content-wrapper\">[vc_row][vc_column][vc_column_text css=&#8221;&#8221;]\r\n<h2 class=\"wp-block-heading\" style=\"text-align: center;\">Rent-a-car pe aeroport<\/h2>\r\n<p>&nbsp;<\/p>\r\n\r\n<p>Informa\u0163ii despre firmele de Rent a Car care opereaz\u0103 pe aeroport.<\/p>\r\n\r\n<p>Ghi\u015feele Rent a Car sunt amplasate \u00een zona public\u0103.<\/p>\r\n\r\n<p>Programul este corelat cu orarul curselor aeriene.<\/p>\r\n<p>&nbsp;<\/p>\r\n<p><a href=\"http:\/\/www.autonom.ro\/\" target=\"_blank\" rel=\"noopener\"><img loading=\"lazy\" decoding=\"async\" class=\"aligncenter wp-image-20906 size-full\" src=\"https:\/\/www.aerotim.ro\/wp-content\/uploads\/2023\/03\/Autonom.jpg\" alt=\"\" width=\"316\" height=\"75\" srcset=\"https:\/\/www.aerotim.ro\/wp-content\/uploads\/2023\/03\/Autonom.jpg 316w, https:\/\/www.aerotim.ro\/wp-content\/uploads\/2023\/03\/Autonom-300x71.jpg 300w\" sizes=\"auto, (max-width: 316px) 100vw, 316px\" \/><\/a><\/p>\r\n<p>&nbsp;<\/p>\r\n<p><a href=\"https:\/\/www.sixt.ro\/\" target=\"_blank\" rel=\"noopener\"><img loading=\"lazy\" decoding=\"async\" class=\"aligncenter size-medium wp-image-23799\" src=\"https:\/\/www.aerotim.ro\/wp-content\/uploads\/2025\/07\/Logo-SIXT_transparent_1800x768_Aeroport-Timisoara-300x128.png\" alt=\"\" width=\"300\" height=\"128\" srcset=\"https:\/\/www.aerotim.ro\/wp-content\/uploads\/2025\/07\/Logo-SIXT_transparent_1800x768_Aeroport-Timisoara-300x128.png 300w, https:\/\/www.aerotim.ro\/wp-content\/uploads\/2025\/07\/Logo-SIXT_transparent_1800x768_Aeroport-Timisoara-1024x437.png 1024w, https:\/\/www.aerotim.ro\/wp-content\/uploads\/2025\/07\/Logo-SIXT_transparent_1800x768_Aeroport-Timisoara-768x327.png 768w, https:\/\/www.aerotim.ro\/wp-content\/uploads\/2025\/07\/Logo-SIXT_transparent_1800x768_Aeroport-Timisoara-1536x655.png 1536w, https:\/\/www.aerotim.ro\/wp-content\/uploads\/2025\/07\/Logo-SIXT_transparent_1800x768_Aeroport-Timisoara.png 1801w\" sizes=\"auto, (max-width: 300px) 100vw, 300px\" \/><\/a><\/p>\r\n<p>&nbsp;<\/p>\r\n<p>&nbsp;<\/p>\r\n<p><a href=\"https:\/\/www.europcar.com\/en-us\" target=\"_blank\" rel=\"noopener\"><img loading=\"lazy\" decoding=\"async\" class=\" wp-image-23270 aligncenter\" src=\"https:\/\/www.aerotim.ro\/wp-content\/uploads\/2025\/01\/europcar-300x56.png\" alt=\"\" width=\"316\" height=\"59\" srcset=\"https:\/\/www.aerotim.ro\/wp-content\/uploads\/2025\/01\/europcar-300x56.png 300w, https:\/\/www.aerotim.ro\/wp-content\/uploads\/2025\/01\/europcar.png 470w\" sizes=\"auto, (max-width: 316px) 100vw, 316px\" \/><\/a><\/p>\r\n<p>&nbsp;<\/p>\r\n<p><a href=\"https:\/\/www.avis.ro\/\" target=\"_blank\" rel=\"noopener\"><img loading=\"lazy\" decoding=\"async\" class=\"aligncenter wp-image-20947 \" src=\"https:\/\/www.aerotim.ro\/wp-content\/uploads\/2023\/03\/Avis-1.jpg\" alt=\"\" width=\"265\" height=\"97\" \/><\/a><\/p>\r\n<p>&nbsp;<\/p>\r\n<p><a href=\"https:\/\/www.hertz.ro\/\" target=\"_blank\" rel=\"noopener\"><img loading=\"lazy\" decoding=\"async\" class=\"aligncenter wp-image-20944 \" src=\"https:\/\/www.aerotim.ro\/wp-content\/uploads\/2023\/03\/Hertz-1.jpg\" alt=\"\" width=\"303\" height=\"135\" \/><\/a><\/p>\r\n<p>&nbsp;<\/p>\r\n<p style=\"text-align: center;\"><a href=\"https:\/\/www.listafirme.ro\/touring-rent-auto-srl-13831826\/\" target=\"_blank\" rel=\"noopener\"><img loading=\"lazy\" decoding=\"async\" class=\"wp-image-20941 size-full aligncenter\" src=\"https:\/\/www.aerotim.ro\/wp-content\/uploads\/2023\/03\/Touring.jpg\" alt=\"\" width=\"307\" height=\"90\" srcset=\"https:\/\/www.aerotim.ro\/wp-content\/uploads\/2023\/03\/Touring.jpg 307w, https:\/\/www.aerotim.ro\/wp-content\/uploads\/2023\/03\/Touring-300x88.jpg 300w\" sizes=\"auto, (max-width: 307px) 100vw, 307px\" \/><\/a><\/p>\r\n<p>&nbsp;<\/p>\r\n\r\n<p><a href=\"https:\/\/dparent.ro\/\" target=\"_blank\" rel=\"noopener\"><img loading=\"lazy\" decoding=\"async\" class=\"aligncenter size-medium wp-image-23762\" src=\"https:\/\/www.aerotim.ro\/wp-content\/uploads\/2025\/07\/Dparent-logo-O2-Converted-300x146.png\" alt=\"\" width=\"300\" height=\"146\" srcset=\"https:\/\/www.aerotim.ro\/wp-content\/uploads\/2025\/07\/Dparent-logo-O2-Converted-300x146.png 300w, https:\/\/www.aerotim.ro\/wp-content\/uploads\/2025\/07\/Dparent-logo-O2-Converted-1024x497.png 1024w, https:\/\/www.aerotim.ro\/wp-content\/uploads\/2025\/07\/Dparent-logo-O2-Converted-768x373.png 768w, https:\/\/www.aerotim.ro\/wp-content\/uploads\/2025\/07\/Dparent-logo-O2-Converted-1536x746.png 1536w, https:\/\/www.aerotim.ro\/wp-content\/uploads\/2025\/07\/Dparent-logo-O2-Converted-2048x994.png 2048w\" sizes=\"auto, (max-width: 300px) 100vw, 300px\" \/><\/a><\/p>\r\n<p>&nbsp;<\/p>\r\n<p><a href=\"https:\/\/alanarent.ro\/inchirieri-auto-aeroport-timisoara\/\" target=\"_blank\" rel=\"noopener\"><img loading=\"lazy\" decoding=\"async\" class=\"aligncenter  wp-image-23765\" src=\"https:\/\/www.aerotim.ro\/wp-content\/uploads\/2025\/07\/alana_rentacar_color-300x135.png\" alt=\"\" width=\"347\" height=\"156\" srcset=\"https:\/\/www.aerotim.ro\/wp-content\/uploads\/2025\/07\/alana_rentacar_color-300x135.png 300w, https:\/\/www.aerotim.ro\/wp-content\/uploads\/2025\/07\/alana_rentacar_color-1024x461.png 1024w, https:\/\/www.aerotim.ro\/wp-content\/uploads\/2025\/07\/alana_rentacar_color-768x345.png 768w, https:\/\/www.aerotim.ro\/wp-content\/uploads\/2025\/07\/alana_rentacar_color-1536x691.png 1536w, https:\/\/www.aerotim.ro\/wp-content\/uploads\/2025\/07\/alana_rentacar_color.png 2001w\" sizes=\"auto, (max-width: 347px) 100vw, 347px\" \/><\/a>[\/vc_column_text][\/vc_column][\/vc_row]<\/div>","protected":false},"excerpt":{"rendered":"<p>[vc_row][vc_column][vc_column_text css=&#8221;&#8221;] Rent-a-car pe aeroport &nbsp; Informa\u0163ii despre firmele de Rent a Car care opereaz\u0103 pe aeroport. Ghi\u015feele Rent a Car sunt amplasate \u00een zona public\u0103. Programul este corelat cu orarul curselor aeriene. &nbsp; &nbsp; &nbsp; &nbsp; &nbsp; &nbsp; &nbsp; &nbsp; &nbsp; [\/vc_column_text][\/vc_column][\/vc_row]<\/p>\n","protected":false},"author":1,"featured_media":0,"parent":0,"menu_order":0,"comment_status":"closed","ping_status":"closed","template":"","meta":{"footnotes":""},"class_list":["post-18797","page","type-page","status-publish","hentry"],"_links":{"self":[{"href":"https:\/\/www.aerotim.ro\/index.php\/wp-json\/wp\/v2\/pages\/18797","targetHints":{"allow":["GET"]}}],"collection":[{"href":"https:\/\/www.aerotim.ro\/index.php\/wp-json\/wp\/v2\/pages"}],"about":[{"href":"https:\/\/www.aerotim.ro\/index.php\/wp-json\/wp\/v2\/types\/page"}],"author":[{"embeddable":true,"href":"https:\/\/www.aerotim.ro\/index.php\/wp-json\/wp\/v2\/users\/1"}],"replies":[{"embeddable":true,"href":"https:\/\/www.aerotim.ro\/index.php\/wp-json\/wp\/v2\/comments?post=18797"}],"version-history":[{"count":13,"href":"https:\/\/www.aerotim.ro\/index.php\/wp-json\/wp\/v2\/pages\/18797\/revisions"}],"predecessor-version":[{"id":23802,"href":"https:\/\/www.aerotim.ro\/index.php\/wp-json\/wp\/v2\/pages\/18797\/revisions\/23802"}],"wp:attachment":[{"href":"https:\/\/www.aerotim.ro\/index.php\/wp-json\/wp\/v2\/media?parent=18797"}],"curies":[{"name":"wp","href":"https:\/\/api.w.org\/{rel}","templated":true}]}}