{"id":19551,"date":"2022-06-29T12:33:38","date_gmt":"2022-06-29T09:33:38","guid":{"rendered":"https:\/\/www.aerotim.ro\/index.php\/rent-a-car\/"},"modified":"2025-07-16T11:01:48","modified_gmt":"2025-07-16T08:01:48","slug":"rent-a-car","status":"publish","type":"page","link":"https:\/\/www.aerotim.ro\/en\/index.php\/rent-a-car\/","title":{"rendered":"Rent-a-car"},"content":{"rendered":"<div class=\"wpb-content-wrapper\">[vc_row][vc_column][vc_column_text css=&#8221;&#8221;]\n&#13;\n<h2 class=\"wp-block-heading\" style=\"text-align: center;\">Rent-a-car at the airport<\/h2>&#13;\n<p>\u00a0<\/p>&#13;\n<p>\nInforma\u0163ii despre firmele de Rent a Car care opereaz\u0103 pe aeroport.\r\n<p>\nGhi\u015feele Rent a Car sunt amplasate \u00een zona public\u0103.\r\n<p>\nProgramul este corelat cu orarul curselor aeriene.&#13;\n<p>\u00a0<\/p>&#13;\n<p>\n          <a href=\"http:\/\/www.autonom.ro\/\" target=\"_blank\" rel=\"noopener\">\n            <img loading=\"lazy\" decoding=\"async\" class=\"aligncenter wp-image-20906 size-full\" src=\"https:\/\/www.aerotim.ro\/wp-content\/uploads\/2023\/03\/Autonom.jpg\" alt=\"\" width=\"316\" height=\"75\" srcset=\"https:\/\/www.aerotim.ro\/wp-content\/uploads\/2023\/03\/Autonom.jpg 316w, https:\/\/www.aerotim.ro\/wp-content\/uploads\/2023\/03\/Autonom-300x71.jpg 300w\" sizes=\"auto, (max-width: 316px) 100vw, 316px\" \/>\n          <\/a>\n        <\/p>&#13;\n<p>\u00a0<\/p>&#13;\n<p>\u00a0<\/p>&#13;\n<p>\n          <a href=\"https:\/\/www.europcar.com\/en-us\" target=\"_blank\" rel=\"noopener\">\n            <img loading=\"lazy\" decoding=\"async\" class=\"size-medium wp-image-23270 aligncenter\" src=\"https:\/\/www.aerotim.ro\/wp-content\/uploads\/2025\/01\/europcar-300x56.png\" alt=\"\" width=\"300\" height=\"56\" srcset=\"https:\/\/www.aerotim.ro\/wp-content\/uploads\/2025\/01\/europcar-300x56.png 300w, https:\/\/www.aerotim.ro\/wp-content\/uploads\/2025\/01\/europcar.png 470w\" sizes=\"auto, (max-width: 300px) 100vw, 300px\" \/>\n          <\/a>\n        <\/p>&#13;\n<p>\u00a0<\/p>&#13;\n<p>\n          <a href=\"https:\/\/www.avis.ro\/\" target=\"_blank\" rel=\"noopener\">\n            <img loading=\"lazy\" decoding=\"async\" class=\"aligncenter wp-image-20947 \" src=\"https:\/\/www.aerotim.ro\/wp-content\/uploads\/2023\/03\/Avis-1.jpg\" alt=\"\" width=\"265\" height=\"97\"\/>\n          <\/a>\n        <\/p>&#13;\n<p>\u00a0<\/p>&#13;\n<p>\n          <a href=\"https:\/\/www.hertz.ro\/\" target=\"_blank\" rel=\"noopener\">\n            <img loading=\"lazy\" decoding=\"async\" class=\"aligncenter wp-image-20944 \" src=\"https:\/\/www.aerotim.ro\/wp-content\/uploads\/2023\/03\/Hertz-1.jpg\" alt=\"\" width=\"303\" height=\"135\"\/>\n          <\/a>\n        <\/p>&#13;\n<p>\u00a0<\/p>&#13;\n<p style=\"text-align: center;\">\n          <a href=\"https:\/\/www.listafirme.ro\/touring-rent-auto-srl-13831826\/\" target=\"_blank\" rel=\"noopener\">\n            <img loading=\"lazy\" decoding=\"async\" class=\"wp-image-20941 size-full aligncenter\" src=\"https:\/\/www.aerotim.ro\/wp-content\/uploads\/2023\/03\/Touring.jpg\" alt=\"\" width=\"307\" height=\"90\" srcset=\"https:\/\/www.aerotim.ro\/wp-content\/uploads\/2023\/03\/Touring.jpg 307w, https:\/\/www.aerotim.ro\/wp-content\/uploads\/2023\/03\/Touring-300x88.jpg 300w\" sizes=\"auto, (max-width: 307px) 100vw, 307px\" \/>\n          <\/a>\n        <\/p>&#13;\n<p>\u00a0<\/p>&#13;\n<p>\n            <a href=\"https:\/\/dparent.ro\/\" target=\"_blank\" rel=\"noopener\"><br \/>\n              <img loading=\"lazy\" decoding=\"async\" class=\"aligncenter size-medium wp-image-23762\" src=\"https:\/\/www.aerotim.ro\/wp-content\/uploads\/2025\/07\/Dparent-logo-O2-Converted-300x146.png\" alt=\"\" width=\"300\" height=\"146\" srcset=\"https:\/\/www.aerotim.ro\/wp-content\/uploads\/2025\/07\/Dparent-logo-O2-Converted-300x146.png 300w, https:\/\/www.aerotim.ro\/wp-content\/uploads\/2025\/07\/Dparent-logo-O2-Converted-1024x497.png 1024w, https:\/\/www.aerotim.ro\/wp-content\/uploads\/2025\/07\/Dparent-logo-O2-Converted-768x373.png 768w, https:\/\/www.aerotim.ro\/wp-content\/uploads\/2025\/07\/Dparent-logo-O2-Converted-1536x746.png 1536w, https:\/\/www.aerotim.ro\/wp-content\/uploads\/2025\/07\/Dparent-logo-O2-Converted-2048x994.png 2048w\" sizes=\"auto, (max-width: 300px) 100vw, 300px\" \/><br \/>\n            <\/a>\n          <\/p>\n<\/p>\n<p>\n            <a href=\"https:\/\/alanarent.ro\/inchirieri-auto-aeroport-timisoara\/\" target=\"_blank\" rel=\"noopener\"><br \/>\n              <img loading=\"lazy\" decoding=\"async\" class=\"aligncenter wp-image-23765\" src=\"https:\/\/www.aerotim.ro\/wp-content\/uploads\/2025\/07\/alana_rentacar_color-300x135.png\" alt=\"\" width=\"347\" height=\"156\" srcset=\"https:\/\/www.aerotim.ro\/wp-content\/uploads\/2025\/07\/alana_rentacar_color-300x135.png 300w, https:\/\/www.aerotim.ro\/wp-content\/uploads\/2025\/07\/alana_rentacar_color-1024x461.png 1024w, https:\/\/www.aerotim.ro\/wp-content\/uploads\/2025\/07\/alana_rentacar_color-768x345.png 768w, https:\/\/www.aerotim.ro\/wp-content\/uploads\/2025\/07\/alana_rentacar_color-1536x691.png 1536w, https:\/\/www.aerotim.ro\/wp-content\/uploads\/2025\/07\/alana_rentacar_color.png 2001w\" sizes=\"auto, (max-width: 347px) 100vw, 347px\" \/><br \/>\n            <\/a><br \/>\n            [\/vc_column_text]\n            [\/vc_column]\n            [\/vc_row]\n          <\/p>\n<\/div>","protected":false},"excerpt":{"rendered":"<p>[vc_row][vc_column][vc_column_text css=&#8221;&#8221;] &#13; Rent-a-car at the airport &#13; \u00a0 &#13; Informa\u0163ii despre firmele de Rent a Car care opereaz\u0103 pe aeroport. Ghi\u015feele Rent a Car sunt amplasate \u00een zona public\u0103. Programul este corelat cu orarul curselor aeriene.&#13; \u00a0 &#13; &#13; \u00a0 &#13; \u00a0 &#13; &#13; \u00a0 &#13; &#13; \u00a0 &#13; &#13; \u00a0 &#13; &#13; \u00a0 [&hellip;]<\/p>\n","protected":false},"author":1,"featured_media":0,"parent":0,"menu_order":0,"comment_status":"closed","ping_status":"closed","template":"","meta":{"footnotes":""},"class_list":["post-19551","page","type-page","status-publish","hentry"],"_links":{"self":[{"href":"https:\/\/www.aerotim.ro\/en\/index.php\/wp-json\/wp\/v2\/pages\/19551","targetHints":{"allow":["GET"]}}],"collection":[{"href":"https:\/\/www.aerotim.ro\/en\/index.php\/wp-json\/wp\/v2\/pages"}],"about":[{"href":"https:\/\/www.aerotim.ro\/en\/index.php\/wp-json\/wp\/v2\/types\/page"}],"author":[{"embeddable":true,"href":"https:\/\/www.aerotim.ro\/en\/index.php\/wp-json\/wp\/v2\/users\/1"}],"replies":[{"embeddable":true,"href":"https:\/\/www.aerotim.ro\/en\/index.php\/wp-json\/wp\/v2\/comments?post=19551"}],"version-history":[{"count":2,"href":"https:\/\/www.aerotim.ro\/en\/index.php\/wp-json\/wp\/v2\/pages\/19551\/revisions"}],"predecessor-version":[{"id":23772,"href":"https:\/\/www.aerotim.ro\/en\/index.php\/wp-json\/wp\/v2\/pages\/19551\/revisions\/23772"}],"wp:attachment":[{"href":"https:\/\/www.aerotim.ro\/en\/index.php\/wp-json\/wp\/v2\/media?parent=19551"}],"curies":[{"name":"wp","href":"https:\/\/api.w.org\/{rel}","templated":true}]}}